{"id":2027,"date":"2023-03-24T11:55:26","date_gmt":"2023-03-24T10:55:26","guid":{"rendered":"https:\/\/siessen.org\/o-que-fazemos\/arte\/"},"modified":"2026-01-12T15:14:45","modified_gmt":"2026-01-12T14:14:45","slug":"arte","status":"publish","type":"page","link":"https:\/\/siessen.org\/pt-br\/o-que-fazemos\/arte\/","title":{"rendered":"Arte e artesanato"},"content":{"rendered":"<div class=\"wpb-content-wrapper\">[vc_row][vc_column][vc_column_text]Incentivar o talento art\u00edstico est\u00e1 no DNA da nossa Congrega\u00e7\u00e3o. Artistas como Ir. M. Innocentia Hummel e Ir. M. Sigmunda May s\u00e3o conhecidas por muitas pessoas. Al\u00e9m disso, havia e h\u00e1 muitas Irm\u00e3s que contribuem com os seus dons nas artes visuais, na m\u00fasica ou na literatura e enriquecem a vida comunit\u00e1ria e a liturgia.<\/p>\n<p style=\"text-align: left;\">Na Prov\u00edncia da Alemanha, a oficina de paramentos e as v\u00e1rias \u00e1reas de exposi\u00e7\u00e3o (incluindo a exposi\u00e7\u00e3o permanente do trabalho original de Ir. M. Innocentia Hummel no chamado Hummelsaal) devem ser mencionadas, na Prov\u00edncia \u00c1frica do Sul a artista Ir. M. Lucina Endre\u00df e a oficina de velas de Ir. Mechthilde Faist e na Prov\u00edncia Brasileira as pequenas iniciativas de artesanato de Ir. M. Rita de C\u00e1ssia Santana e outras Irm\u00e3s.<\/p>\n[\/vc_column_text][\/vc_column][\/vc_row][vc_row][vc_column]<style class=\"vcex-carousel-preload-css\">.vcex_69f084ebf024c{--wpex-carousel-gap:15px;}.vcex_69f084ebf024c{--wpex-carousel-columns:1;}.vcex_69f084ebf024c.wpex-carousel:not(.wpex-carousel--loaded) > *:not(:nth-child(1n+2)){display: flex !important;}@media only screen and (min-width: 480px) {.vcex_69f084ebf024c{--wpex-carousel-columns:2;}.vcex_69f084ebf024c.wpex-carousel:not(.wpex-carousel--loaded) > *:not(:nth-child(1n+3)){display: flex !important;}}@media only screen and (min-width: 768px) {.vcex_69f084ebf024c{--wpex-carousel-columns:3;}.vcex_69f084ebf024c.wpex-carousel:not(.wpex-carousel--loaded) > *:not(:nth-child(1n+4)){display: flex !important;}}@media only screen and (min-width: 960px) {.vcex_69f084ebf024c{--wpex-carousel-columns:3;}.vcex_69f084ebf024c.wpex-carousel:not(.wpex-carousel--loaded) > *:not(:nth-child(1n+4)){display: flex !important;}}<\/style><div class=\"vcex-image-carousel wpex-carousel wpex-carousel-images wpex-clr vcex-module owl-carousel wpex-carousel--render-onload vcex_69f084ebf024c arrwstyle-default arrwpos-default\" data-wpex-carousel=\"{&quot;loop&quot;:&quot;false&quot;,&quot;slideBy&quot;:1,&quot;items&quot;:3,&quot;responsive&quot;:{&quot;0&quot;:{&quot;items&quot;:&quot;1&quot;},&quot;480&quot;:{&quot;items&quot;:&quot;2&quot;},&quot;768&quot;:{&quot;items&quot;:&quot;3&quot;},&quot;960&quot;:{&quot;items&quot;:3}}}\"><div class=\"wpex-carousel-slide\"><figure class=\"wpex-carousel-entry-media entry-media wpex-relative\"><img width=\"1417\" height=\"952\" src=\"https:\/\/siessen.org\/wp-content\/uploads\/2023\/07\/01-M.I.-Hummel-1934.jpg\" class=\"wpex-align-middle skip-lazy\" alt=\"\" data-no-lazy=\"1\" srcset=\"https:\/\/siessen.org\/wp-content\/uploads\/2023\/07\/01-M.I.-Hummel-1934.jpg 1417w, https:\/\/siessen.org\/wp-content\/uploads\/2023\/07\/01-M.I.-Hummel-1934-300x202.jpg 300w, https:\/\/siessen.org\/wp-content\/uploads\/2023\/07\/01-M.I.-Hummel-1934-1024x688.jpg 1024w, https:\/\/siessen.org\/wp-content\/uploads\/2023\/07\/01-M.I.-Hummel-1934-768x516.jpg 768w\" sizes=\"(max-width: 1417px) 100vw, 1417px\" \/><\/figure><\/div><div class=\"wpex-carousel-slide\"><figure class=\"wpex-carousel-entry-media entry-media wpex-relative\"><img width=\"1417\" height=\"952\" src=\"https:\/\/siessen.org\/wp-content\/uploads\/2023\/07\/02-Hummelsaal-1.jpg\" class=\"wpex-align-middle skip-lazy\" alt=\"\" data-no-lazy=\"1\" srcset=\"https:\/\/siessen.org\/wp-content\/uploads\/2023\/07\/02-Hummelsaal-1.jpg 1417w, https:\/\/siessen.org\/wp-content\/uploads\/2023\/07\/02-Hummelsaal-1-300x202.jpg 300w, https:\/\/siessen.org\/wp-content\/uploads\/2023\/07\/02-Hummelsaal-1-1024x688.jpg 1024w, https:\/\/siessen.org\/wp-content\/uploads\/2023\/07\/02-Hummelsaal-1-768x516.jpg 768w\" sizes=\"(max-width: 1417px) 100vw, 1417px\" \/><\/figure><\/div><div class=\"wpex-carousel-slide\"><figure class=\"wpex-carousel-entry-media entry-media wpex-relative\"><img width=\"1417\" height=\"952\" src=\"https:\/\/siessen.org\/wp-content\/uploads\/2023\/07\/03-Hummelsaal-2.jpg\" class=\"wpex-align-middle skip-lazy\" alt=\"\" data-no-lazy=\"1\" srcset=\"https:\/\/siessen.org\/wp-content\/uploads\/2023\/07\/03-Hummelsaal-2.jpg 1417w, https:\/\/siessen.org\/wp-content\/uploads\/2023\/07\/03-Hummelsaal-2-300x202.jpg 300w, https:\/\/siessen.org\/wp-content\/uploads\/2023\/07\/03-Hummelsaal-2-1024x688.jpg 1024w, https:\/\/siessen.org\/wp-content\/uploads\/2023\/07\/03-Hummelsaal-2-768x516.jpg 768w\" sizes=\"(max-width: 1417px) 100vw, 1417px\" \/><\/figure><\/div><div class=\"wpex-carousel-slide\"><figure class=\"wpex-carousel-entry-media entry-media wpex-relative\"><img width=\"900\" height=\"1200\" src=\"https:\/\/siessen.org\/wp-content\/uploads\/2023\/10\/04-2016-10-06-M.-Sigmunda-May_Sandra-Brill-e1698434124982.jpg\" class=\"wpex-align-middle skip-lazy\" alt=\"\" data-no-lazy=\"1\" \/><\/figure><\/div><div class=\"wpex-carousel-slide\"><figure class=\"wpex-carousel-entry-media entry-media wpex-relative\"><img width=\"1417\" height=\"952\" src=\"https:\/\/siessen.org\/wp-content\/uploads\/2023\/07\/05-MSM-139-All-meine-Quellen-entspringen-in-dir.jpg\" class=\"wpex-align-middle skip-lazy\" alt=\"\" data-no-lazy=\"1\" srcset=\"https:\/\/siessen.org\/wp-content\/uploads\/2023\/07\/05-MSM-139-All-meine-Quellen-entspringen-in-dir.jpg 1417w, https:\/\/siessen.org\/wp-content\/uploads\/2023\/07\/05-MSM-139-All-meine-Quellen-entspringen-in-dir-300x202.jpg 300w, https:\/\/siessen.org\/wp-content\/uploads\/2023\/07\/05-MSM-139-All-meine-Quellen-entspringen-in-dir-1024x688.jpg 1024w, https:\/\/siessen.org\/wp-content\/uploads\/2023\/07\/05-MSM-139-All-meine-Quellen-entspringen-in-dir-768x516.jpg 768w\" sizes=\"(max-width: 1417px) 100vw, 1417px\" \/><\/figure><\/div><div class=\"wpex-carousel-slide\"><figure class=\"wpex-carousel-entry-media entry-media wpex-relative\"><img width=\"1417\" height=\"952\" src=\"https:\/\/siessen.org\/wp-content\/uploads\/2023\/07\/07-2021-Labyrinthe-Guenter-Wagner-MPL.jpg\" class=\"wpex-align-middle skip-lazy\" alt=\"\" data-no-lazy=\"1\" srcset=\"https:\/\/siessen.org\/wp-content\/uploads\/2023\/07\/07-2021-Labyrinthe-Guenter-Wagner-MPL.jpg 1417w, https:\/\/siessen.org\/wp-content\/uploads\/2023\/07\/07-2021-Labyrinthe-Guenter-Wagner-MPL-300x202.jpg 300w, https:\/\/siessen.org\/wp-content\/uploads\/2023\/07\/07-2021-Labyrinthe-Guenter-Wagner-MPL-1024x688.jpg 1024w, https:\/\/siessen.org\/wp-content\/uploads\/2023\/07\/07-2021-Labyrinthe-Guenter-Wagner-MPL-768x516.jpg 768w\" sizes=\"(max-width: 1417px) 100vw, 1417px\" \/><\/figure><\/div><div class=\"wpex-carousel-slide\"><figure class=\"wpex-carousel-entry-media entry-media wpex-relative\"><img width=\"1417\" height=\"952\" src=\"https:\/\/siessen.org\/wp-content\/uploads\/2023\/07\/06-2019-Im-Dialog_Angela-Flaig_M.-Pietra-Loebl.jpg\" class=\"wpex-align-middle skip-lazy\" alt=\"\" data-no-lazy=\"1\" srcset=\"https:\/\/siessen.org\/wp-content\/uploads\/2023\/07\/06-2019-Im-Dialog_Angela-Flaig_M.-Pietra-Loebl.jpg 1417w, https:\/\/siessen.org\/wp-content\/uploads\/2023\/07\/06-2019-Im-Dialog_Angela-Flaig_M.-Pietra-Loebl-300x202.jpg 300w, https:\/\/siessen.org\/wp-content\/uploads\/2023\/07\/06-2019-Im-Dialog_Angela-Flaig_M.-Pietra-Loebl-1024x688.jpg 1024w, https:\/\/siessen.org\/wp-content\/uploads\/2023\/07\/06-2019-Im-Dialog_Angela-Flaig_M.-Pietra-Loebl-768x516.jpg 768w\" sizes=\"(max-width: 1417px) 100vw, 1417px\" \/><\/figure><\/div><div class=\"wpex-carousel-slide\"><figure class=\"wpex-carousel-entry-media entry-media wpex-relative\"><img width=\"427\" height=\"307\" src=\"https:\/\/siessen.org\/wp-content\/uploads\/2026\/01\/Stolen.jpg\" class=\"wpex-align-middle skip-lazy\" alt=\"\" data-no-lazy=\"1\" srcset=\"https:\/\/siessen.org\/wp-content\/uploads\/2026\/01\/Stolen.jpg 427w, https:\/\/siessen.org\/wp-content\/uploads\/2026\/01\/Stolen-300x216.jpg 300w\" sizes=\"(max-width: 427px) 100vw, 427px\" \/><\/figure><\/div><div class=\"wpex-carousel-slide\"><figure class=\"wpex-carousel-entry-media entry-media wpex-relative\"><img width=\"2292\" height=\"1528\" src=\"https:\/\/siessen.org\/wp-content\/uploads\/2026\/01\/Carina-und-Agnes.jpg\" class=\"wpex-align-middle skip-lazy\" alt=\"\" data-no-lazy=\"1\" srcset=\"https:\/\/siessen.org\/wp-content\/uploads\/2026\/01\/Carina-und-Agnes.jpg 2292w, https:\/\/siessen.org\/wp-content\/uploads\/2026\/01\/Carina-und-Agnes-300x200.jpg 300w, https:\/\/siessen.org\/wp-content\/uploads\/2026\/01\/Carina-und-Agnes-1024x683.jpg 1024w, https:\/\/siessen.org\/wp-content\/uploads\/2026\/01\/Carina-und-Agnes-768x512.jpg 768w, https:\/\/siessen.org\/wp-content\/uploads\/2026\/01\/Carina-und-Agnes-1536x1024.jpg 1536w, https:\/\/siessen.org\/wp-content\/uploads\/2026\/01\/Carina-und-Agnes-2048x1365.jpg 2048w\" sizes=\"(max-width: 2292px) 100vw, 2292px\" \/><\/figure><\/div><div class=\"wpex-carousel-slide\"><figure class=\"wpex-carousel-entry-media entry-media wpex-relative\"><img width=\"1196\" height=\"1600\" src=\"https:\/\/siessen.org\/wp-content\/uploads\/2023\/10\/WhatsApp-Image-2023-07-18-at-21.46.051-e1698437386745.jpeg\" class=\"wpex-align-middle skip-lazy\" alt=\"\" data-no-lazy=\"1\" \/><\/figure><\/div><div class=\"wpex-carousel-slide\"><figure class=\"wpex-carousel-entry-media entry-media wpex-relative\"><img width=\"1196\" height=\"1600\" src=\"https:\/\/siessen.org\/wp-content\/uploads\/2023\/10\/09-2023-Candelas-BR-3-e1698436540646.jpg\" class=\"wpex-align-middle skip-lazy\" alt=\"\" data-no-lazy=\"1\" \/><\/figure><\/div><div class=\"wpex-carousel-slide\"><figure class=\"wpex-carousel-entry-media entry-media wpex-relative\"><img width=\"1174\" height=\"785\" src=\"https:\/\/siessen.org\/wp-content\/uploads\/2024\/03\/Mechthilde.jpg\" class=\"wpex-align-middle skip-lazy\" alt=\"\" data-no-lazy=\"1\" srcset=\"https:\/\/siessen.org\/wp-content\/uploads\/2024\/03\/Mechthilde.jpg 1174w, https:\/\/siessen.org\/wp-content\/uploads\/2024\/03\/Mechthilde-300x201.jpg 300w, https:\/\/siessen.org\/wp-content\/uploads\/2024\/03\/Mechthilde-1024x685.jpg 1024w, https:\/\/siessen.org\/wp-content\/uploads\/2024\/03\/Mechthilde-768x514.jpg 768w\" sizes=\"(max-width: 1174px) 100vw, 1174px\" \/><\/figure><\/div><div class=\"wpex-carousel-slide\"><figure class=\"wpex-carousel-entry-media entry-media wpex-relative\"><img width=\"1414\" height=\"952\" src=\"https:\/\/siessen.org\/wp-content\/uploads\/2024\/03\/Kerzen-ZA.jpg\" class=\"wpex-align-middle skip-lazy\" alt=\"\" data-no-lazy=\"1\" srcset=\"https:\/\/siessen.org\/wp-content\/uploads\/2024\/03\/Kerzen-ZA.jpg 1414w, https:\/\/siessen.org\/wp-content\/uploads\/2024\/03\/Kerzen-ZA-300x202.jpg 300w, https:\/\/siessen.org\/wp-content\/uploads\/2024\/03\/Kerzen-ZA-1024x689.jpg 1024w, https:\/\/siessen.org\/wp-content\/uploads\/2024\/03\/Kerzen-ZA-768x517.jpg 768w\" sizes=\"(max-width: 1414px) 100vw, 1414px\" \/><\/figure><\/div><\/div>[\/vc_column][\/vc_row]\n<\/div>","protected":false},"excerpt":{"rendered":"<p>[vc_row][vc_column][vc_column_text]Incentivar o talento art\u00edstico est\u00e1 no DNA da nossa Congrega\u00e7\u00e3o. Artistas como Ir. M. Innocentia Hummel e Ir. M. Sigmunda May s\u00e3o conhecidas por muitas pessoas. Al\u00e9m disso, havia e h\u00e1 muitas Irm\u00e3s que contribuem com os seus dons nas artes visuais, na m\u00fasica ou na literatura e enriquecem a vida comunit\u00e1ria e a liturgia.&hellip;<\/p>\n","protected":false},"author":1,"featured_media":0,"parent":1912,"menu_order":0,"comment_status":"closed","ping_status":"closed","template":"","meta":{"footnotes":""},"class_list":["post-2027","page","type-page","status-publish","hentry","entry","no-media"],"_links":{"self":[{"href":"https:\/\/siessen.org\/pt-br\/wp-json\/wp\/v2\/pages\/2027","targetHints":{"allow":["GET"]}}],"collection":[{"href":"https:\/\/siessen.org\/pt-br\/wp-json\/wp\/v2\/pages"}],"about":[{"href":"https:\/\/siessen.org\/pt-br\/wp-json\/wp\/v2\/types\/page"}],"author":[{"embeddable":true,"href":"https:\/\/siessen.org\/pt-br\/wp-json\/wp\/v2\/users\/1"}],"replies":[{"embeddable":true,"href":"https:\/\/siessen.org\/pt-br\/wp-json\/wp\/v2\/comments?post=2027"}],"version-history":[{"count":10,"href":"https:\/\/siessen.org\/pt-br\/wp-json\/wp\/v2\/pages\/2027\/revisions"}],"predecessor-version":[{"id":6684,"href":"https:\/\/siessen.org\/pt-br\/wp-json\/wp\/v2\/pages\/2027\/revisions\/6684"}],"up":[{"embeddable":true,"href":"https:\/\/siessen.org\/pt-br\/wp-json\/wp\/v2\/pages\/1912"}],"wp:attachment":[{"href":"https:\/\/siessen.org\/pt-br\/wp-json\/wp\/v2\/media?parent=2027"}],"curies":[{"name":"wp","href":"https:\/\/api.w.org\/{rel}","templated":true}]}}